{"id":904,"date":"2019-07-14T17:16:28","date_gmt":"2019-07-14T15:16:28","guid":{"rendered":"https:\/\/jp-pourtal.fr\/?page_id=904"},"modified":"2019-08-11T09:35:59","modified_gmt":"2019-08-11T07:35:59","slug":"lhomme-de-neandertal-de-la-chapelle-aux-saints-19","status":"publish","type":"page","link":"https:\/\/jp-pourtal.fr\/index.php\/portfolio-4\/lhomme-de-neandertal-de-la-chapelle-aux-saints-19\/","title":{"rendered":"L&rsquo;Homme de Neandertal de La Chapelle Aux Saints (19)"},"content":{"rendered":"\n<p>Le village de <strong>La Chapelle-Aux-Saints en Corr\u00e8ze<\/strong>, juste aux\nportes du d\u00e9partement du Lot est un village modeste. Pourtant, il rev\u00eat une\nimportance majeure pour les pal\u00e9ontologues puisque c\u2019est ici que fut d\u00e9couvert\n<strong>le premier squelette complet d\u2019un Homme de Neandertal<\/strong>&nbsp;; c\u2019est le 3 ao\u00fbt\n1908 que deux pr\u00eatres Am\u00e9d\u00e9e et Jean Bouyssonie et leur fr\u00e8re Paul le d\u00e9couvrir\ndans la Grotte de La Bouffia-Boneval.<\/p>\n\n\n\n<p>Je vous invite \u00e0 d\u00e9couvrir le t\u00e9moignage des Hommes d\u2019un autre \u00e2ge et sans qui nous ne serions pas ce que nous sommes puisque la science g\u00e9n\u00e9tique \u00e0 mis en \u00e9vidence que chacun d\u2019entre nous compte entre<strong> 1,3 et 4%<\/strong> des g\u00e8nes de cet anc\u00eatre dans notre g\u00e9nome. <\/p>\n\n\n\n<div class=\"wp-block-ftg-gallery\"><!-- Final Tiles Grid Gallery for WordPress v3.5.6 free --><style>#ftg-3636 .tile .icon { color:#ffffff; }#ftg-3636 .ftg-items .loading-bar i { background:#666; }#ftg-3636 .ftg-items .loading-bar { background:#fff; }#ftg-3636 .tile .icon { font-size:12px; }#ftg-3636 .tile .icon { margin: -6px 0 0 -6px; }#ftg-3636 .tile .caption-block .text-wrapper span.text { font-size:12px; }#ftg-3636 .tile .caption-outside .text-wrapper span.text { font-size:12px; }#ftg-3636 .tile .caption-block .text-wrapper span.title { font-size:14px; }#ftg-3636 .tile .caption-outside .text-wrapper span.title { font-size:14px; }#ftg-3636 .tile { background-color: transparent; }#ftg-3636 .tile .caption-block .text-wrapper span.text { color: #ffffff; }#ftg-3636 .tile .caption-block .text-wrapper span.title { color: #ffffff; }#ftg-3636 .tile .caption-outside .text-wrapper span.text { color: #ffffff; }#ftg-3636 .tile .caption-outside .text-wrapper span.title { color: #ffffff; }#ftg-3636 .tile .ftg-social a { color: #ffffff; }#ftg-3636 .tile .caption-block { transition-duration:0.25s; }#ftg-3636 .tile .tile-inner:before { background-color: #000000; }#ftg-3636 .tile .tile-inner:before { background-color: rgba(0, 0, 0, 0.8); }#ftg-3636 .tile:hover img {-moz-transform: ;-webkit-transform: ;-o-transform: ;-ms-transform: ;transform: ;}<\/style><a name='36'><\/a><div class='final-tiles-gallery  ftg-hover-enabled caption-inside  caption-none caption-middle caption-center' id='ftg-3636' style='width:100%'><div class='ftg-items'><div class='loading-bar'><i><\/i><\/div><div  class='tile ftg-preload  '><a title=\"\" data-lightbox='ftg-3636' rel='ftg-3636'  class=' tile-inner  ftg-lightbox' href=\"https:\/\/i0.wp.com\/jp-pourtal.fr\/wp-content\/uploads\/2019\/07\/20190709-LCAS-06-1024x680.jpg?ssl=1\"  data-rel=\"lightbox-image-0\" data-rl_title=\"\" data-rl_caption=\"\"><img alt='La Grotte de La Bouffia-Bonneval.C&#039;est ici, \u00e0 La Chapelle-Aux Saints en Corr\u00e8ze, que fut d\u00e9couvert le premier squelette ENTIER d&#039;un homme de Neandertal le 3 ao\u00fbt 1908.' class='item skip-lazy' data-class='item' data-ftg-source='https:\/\/i0.wp.com\/jp-pourtal.fr\/wp-content\/uploads\/2019\/07\/20190709-LCAS-06.jpg?resize=300%2C199&#038;ssl=1' src='https:\/\/i0.wp.com\/jp-pourtal.fr\/wp-content\/uploads\/2019\/07\/20190709-LCAS-06.jpg?resize=300%2C199&#038;ssl=1' width='300' height='199' data-recalc-dims=\"1\" \/><div class='caption-block'><div class='text-wrapper'><span class='title'>La Grotte de La Bouffia-Bonneval.C'est ici, \u00e0 La Chapelle-Aux Saints en Corr\u00e8ze, que fut d\u00e9couvert le premier squelette ENTIER d'un homme de Neandertal le 3 ao\u00fbt 1908.<\/span><\/div><\/div><\/a><div class='ftg-social'><\/div><\/div><div  class='tile ftg-preload  '><a title=\"\" data-lightbox='ftg-3636' rel='ftg-3636'  class=' tile-inner  ftg-lightbox' href=\"https:\/\/i0.wp.com\/jp-pourtal.fr\/wp-content\/uploads\/2019\/07\/20190709-LCAS-01-1024x993.jpg?ssl=1\"  data-rel=\"lightbox-image-1\" data-rl_title=\"\" data-rl_caption=\"\"><img alt='Une copie du crane fossilis\u00e9 de &quot;Lucie&quot;, l&#039;un des premiers hominid\u00e9s d\u00e9couvert par Yves Coppens en 1974 en Ethiopie. Il permet ici la comparaison de l&#039;\u00e9volution avec le cr\u00e2ne de l&#039;Homme de Neandertal que nous verrons \u00e0 la prochaine photo' class='item skip-lazy' data-class='item' data-ftg-source='https:\/\/i0.wp.com\/jp-pourtal.fr\/wp-content\/uploads\/2019\/07\/20190709-LCAS-01.jpg?resize=300%2C291&#038;ssl=1' src='https:\/\/i0.wp.com\/jp-pourtal.fr\/wp-content\/uploads\/2019\/07\/20190709-LCAS-01.jpg?resize=300%2C291&#038;ssl=1' width='300' height='291' data-recalc-dims=\"1\" \/><div class='caption-block'><div class='text-wrapper'><span class='title'>Une copie du crane fossilis\u00e9 de \"Lucie\", l'un des premiers hominid\u00e9s d\u00e9couvert par Yves Coppens en 1974 en Ethiopie. Il permet ici la comparaison de l'\u00e9volution avec le cr\u00e2ne de l'Homme de Neandertal que nous verrons \u00e0 la prochaine photo<\/span><\/div><\/div><\/a><div class='ftg-social'><\/div><\/div><div  class='tile ftg-preload  '><a title=\"\" data-lightbox='ftg-3636' rel='ftg-3636'  class=' tile-inner  ftg-lightbox' href=\"https:\/\/i0.wp.com\/jp-pourtal.fr\/wp-content\/uploads\/2019\/07\/20190709-LCAS-02-1024x1020.jpg?ssl=1\"  data-rel=\"lightbox-image-2\" data-rl_title=\"\" data-rl_caption=\"\"><img alt='Copie du cr\u00e2ne de l&#039;Homme de Neandertal de La Chapelle Aux Saints. ' class='item skip-lazy' data-class='item' data-ftg-source='https:\/\/i0.wp.com\/jp-pourtal.fr\/wp-content\/uploads\/2019\/07\/20190709-LCAS-02.jpg?resize=300%2C300&#038;ssl=1' src='https:\/\/i0.wp.com\/jp-pourtal.fr\/wp-content\/uploads\/2019\/07\/20190709-LCAS-02.jpg?resize=300%2C300&#038;ssl=1' width='300' height='300' data-recalc-dims=\"1\" \/><div class='caption-block'><div class='text-wrapper'><span class='title'>Copie du cr\u00e2ne de l'Homme de Neandertal de La Chapelle Aux Saints. <\/span><\/div><\/div><\/a><div class='ftg-social'><\/div><\/div><div  class='tile ftg-preload  '><a title=\"\" data-lightbox='ftg-3636' rel='ftg-3636'  class=' tile-inner  ftg-lightbox' href=\"https:\/\/i0.wp.com\/jp-pourtal.fr\/wp-content\/uploads\/2019\/07\/20190709-LCAS-03-1024x680.jpg?ssl=1\"  data-rel=\"lightbox-image-3\" data-rl_title=\"\" data-rl_caption=\"\"><img alt='S\u00e9pulture de l&#039;Homme de Neandertal d\u00e9couverte \u00e0 La Chapelle Aux Saints. Sa position, les objets plac\u00e9s autour de sa d\u00e9pouille et la calage de sa t\u00eate par des pierres d\u00e9montrent la notion du respect des morts et peut-\u00eatre une \u00e9bauche de religion et de la conscience du sacr\u00e9.' class='item skip-lazy' data-class='item' data-ftg-source='https:\/\/i0.wp.com\/jp-pourtal.fr\/wp-content\/uploads\/2019\/07\/20190709-LCAS-03.jpg?resize=300%2C199&#038;ssl=1' src='https:\/\/i0.wp.com\/jp-pourtal.fr\/wp-content\/uploads\/2019\/07\/20190709-LCAS-03.jpg?resize=300%2C199&#038;ssl=1' width='300' height='199' data-recalc-dims=\"1\" \/><div class='caption-block'><div class='text-wrapper'><span class='title'>S\u00e9pulture de l'Homme de Neandertal d\u00e9couverte \u00e0 La Chapelle Aux Saints. Sa position, les objets plac\u00e9s autour de sa d\u00e9pouille et la calage de sa t\u00eate par des pierres d\u00e9montrent la notion du respect des morts et peut-\u00eatre une \u00e9bauche de religion et de la conscience du sacr\u00e9.<\/span><\/div><\/div><\/a><div class='ftg-social'><\/div><\/div><div  class='tile ftg-preload  '><a title=\"\" data-lightbox='ftg-3636' rel='ftg-3636'  class=' tile-inner  ftg-lightbox' href=\"https:\/\/i0.wp.com\/jp-pourtal.fr\/wp-content\/uploads\/2019\/07\/20190709-LCAS-04.jpg?ssl=1\"  data-rel=\"lightbox-image-4\" data-rl_title=\"\" data-rl_caption=\"\"><img alt='L&#039;un des bifaces plac\u00e9s dans la s\u00e9pulture' class='item skip-lazy' data-class='item' data-ftg-source='https:\/\/i0.wp.com\/jp-pourtal.fr\/wp-content\/uploads\/2019\/07\/20190709-LCAS-04.jpg?resize=294%2C300&#038;ssl=1' src='https:\/\/i0.wp.com\/jp-pourtal.fr\/wp-content\/uploads\/2019\/07\/20190709-LCAS-04.jpg?resize=294%2C300&#038;ssl=1' width='294' height='300' data-recalc-dims=\"1\" \/><div class='caption-block'><div class='text-wrapper'><span class='title'>L'un des bifaces plac\u00e9s dans la s\u00e9pulture<\/span><\/div><\/div><\/a><div class='ftg-social'><\/div><\/div><div  class='tile ftg-preload  '><a title=\"\" data-lightbox='ftg-3636' rel='ftg-3636'  class=' tile-inner  ftg-lightbox' href=\"https:\/\/i0.wp.com\/jp-pourtal.fr\/wp-content\/uploads\/2019\/07\/20190709-LCAS-05.jpg?ssl=1\"  data-rel=\"lightbox-image-5\" data-rl_title=\"\" data-rl_caption=\"\"><img alt='D\u00e9tail de la s\u00e9pulture : Le cr\u00e2ne de l&#039;Homme de Neandertal de La Chapelle Aux Saints est cal\u00e9 avec des pierres tout autour de la t\u00eate. Ainsi devait-il avoir une position particuli\u00e8re souhait\u00e9e par ses cong\u00e9n\u00e8res.' class='item skip-lazy' data-class='item' data-ftg-source='https:\/\/i0.wp.com\/jp-pourtal.fr\/wp-content\/uploads\/2019\/07\/20190709-LCAS-05.jpg?resize=300%2C292&#038;ssl=1' src='https:\/\/i0.wp.com\/jp-pourtal.fr\/wp-content\/uploads\/2019\/07\/20190709-LCAS-05.jpg?resize=300%2C292&#038;ssl=1' width='300' height='292' data-recalc-dims=\"1\" \/><div class='caption-block'><div class='text-wrapper'><span class='title'>D\u00e9tail de la s\u00e9pulture : Le cr\u00e2ne de l'Homme de Neandertal de La Chapelle Aux Saints est cal\u00e9 avec des pierres tout autour de la t\u00eate. Ainsi devait-il avoir une position particuli\u00e8re souhait\u00e9e par ses cong\u00e9n\u00e8res.<\/span><\/div><\/div><\/a><div class='ftg-social'><\/div><\/div><\/div><\/div><script type='text\/javascript'>jQuery('#ftg-3636 img.item').removeAttr('src');jQuery(document).ready(function () {setTimeout(function () {jQuery('#ftg-3636').finalTilesGallery({minTileWidth: 250,margin: 10,loadMethod: 'sequential',nonce: 'c74a8bc19d',galleryId: '36',setupFilters: true,layout: 'columns',debug: false,gridSize: 25,disableGridSizeBelow:800,allowEnlargement: true,columns: [[4000, 4],[1024, 4],[800, 3],[480, 3],[320, 2]],selectedFilter: 'n-a'});jQuery(function () {(function () {var rel = '';jQuery('#ftg-3636 .ftg-lightbox').click(function (e) {rel = jQuery(this).attr('rel');jQuery('#ftg-3636 .ftg-current').removeClass('ftg-current');jQuery('#ftg-3636 [rel=\"'+rel+'\"]').addClass('ftg-current');});})();});}, 0);});<\/script><\/div>\n<div class=\"sharedaddy sd-sharing-enabled\"><div class=\"robots-nocontent sd-block sd-social sd-social-icon sd-sharing\"><h3 class=\"sd-title\">Share this:<\/h3><div class=\"sd-content\"><ul><li class=\"share-facebook\"><a rel=\"nofollow noopener noreferrer\" data-shared=\"sharing-facebook-904\" class=\"share-facebook sd-button share-icon no-text\" href=\"https:\/\/jp-pourtal.fr\/index.php\/portfolio-4\/lhomme-de-neandertal-de-la-chapelle-aux-saints-19\/?share=facebook\" target=\"_blank\" title=\"Cliquez pour partager sur Facebook\"><span><\/span><span class=\"sharing-screen-reader-text\">Cliquez pour partager sur Facebook(ouvre dans une nouvelle fen\u00eatre)<\/span><\/a><\/li><li class=\"share-linkedin\"><a rel=\"nofollow noopener noreferrer\" data-shared=\"sharing-linkedin-904\" class=\"share-linkedin sd-button share-icon no-text\" href=\"https:\/\/jp-pourtal.fr\/index.php\/portfolio-4\/lhomme-de-neandertal-de-la-chapelle-aux-saints-19\/?share=linkedin\" target=\"_blank\" title=\"Cliquez pour partager sur LinkedIn\"><span><\/span><span class=\"sharing-screen-reader-text\">Cliquez pour partager sur LinkedIn(ouvre dans une nouvelle fen\u00eatre)<\/span><\/a><\/li><li class=\"share-jetpack-whatsapp\"><a rel=\"nofollow noopener noreferrer\" data-shared=\"\" class=\"share-jetpack-whatsapp sd-button share-icon no-text\" href=\"https:\/\/jp-pourtal.fr\/index.php\/portfolio-4\/lhomme-de-neandertal-de-la-chapelle-aux-saints-19\/?share=jetpack-whatsapp\" target=\"_blank\" title=\"Cliquez pour partager sur WhatsApp\"><span><\/span><span class=\"sharing-screen-reader-text\">Cliquez pour partager sur WhatsApp(ouvre dans une nouvelle fen\u00eatre)<\/span><\/a><\/li><li class=\"share-twitter\"><a rel=\"nofollow noopener noreferrer\" data-shared=\"sharing-twitter-904\" class=\"share-twitter sd-button share-icon no-text\" href=\"https:\/\/jp-pourtal.fr\/index.php\/portfolio-4\/lhomme-de-neandertal-de-la-chapelle-aux-saints-19\/?share=twitter\" target=\"_blank\" title=\"Cliquez pour partager sur Twitter\"><span><\/span><span class=\"sharing-screen-reader-text\">Cliquez pour partager sur Twitter(ouvre dans une nouvelle fen\u00eatre)<\/span><\/a><\/li><li class=\"share-end\"><\/li><\/ul><\/div><\/div><\/div>","protected":false},"excerpt":{"rendered":"<p>Le village de La Chapelle-Aux-Saints en Corr\u00e8ze, juste aux portes du d\u00e9partement du Lot est un village modeste. Pourtant, il rev\u00eat une importance majeure pour les pal\u00e9ontologues puisque c\u2019est ici que fut d\u00e9couvert le premier squelette complet d\u2019un Homme de Neandertal&nbsp;; c\u2019est le 3 ao\u00fbt 1908 que deux pr\u00eatres Am\u00e9d\u00e9e et Jean Bouyssonie et leur &hellip; <a href=\"https:\/\/jp-pourtal.fr\/index.php\/portfolio-4\/lhomme-de-neandertal-de-la-chapelle-aux-saints-19\/\" class=\"more-link\">Continuer la lecture<span class=\"screen-reader-text\"> de &laquo;&nbsp;L&rsquo;Homme de Neandertal de La Chapelle Aux Saints (19)&nbsp;&raquo;<\/span><\/a><\/p>\n<div class=\"sharedaddy sd-sharing-enabled\"><div class=\"robots-nocontent sd-block sd-social sd-social-icon sd-sharing\"><h3 class=\"sd-title\">Share this:<\/h3><div class=\"sd-content\"><ul><li class=\"share-facebook\"><a rel=\"nofollow noopener noreferrer\" data-shared=\"sharing-facebook-904\" class=\"share-facebook sd-button share-icon no-text\" href=\"https:\/\/jp-pourtal.fr\/index.php\/portfolio-4\/lhomme-de-neandertal-de-la-chapelle-aux-saints-19\/?share=facebook\" target=\"_blank\" title=\"Cliquez pour partager sur Facebook\"><span><\/span><span class=\"sharing-screen-reader-text\">Cliquez pour partager sur Facebook(ouvre dans une nouvelle fen\u00eatre)<\/span><\/a><\/li><li class=\"share-linkedin\"><a rel=\"nofollow noopener noreferrer\" data-shared=\"sharing-linkedin-904\" class=\"share-linkedin sd-button share-icon no-text\" href=\"https:\/\/jp-pourtal.fr\/index.php\/portfolio-4\/lhomme-de-neandertal-de-la-chapelle-aux-saints-19\/?share=linkedin\" target=\"_blank\" title=\"Cliquez pour partager sur LinkedIn\"><span><\/span><span class=\"sharing-screen-reader-text\">Cliquez pour partager sur LinkedIn(ouvre dans une nouvelle fen\u00eatre)<\/span><\/a><\/li><li class=\"share-jetpack-whatsapp\"><a rel=\"nofollow noopener noreferrer\" data-shared=\"\" class=\"share-jetpack-whatsapp sd-button share-icon no-text\" href=\"https:\/\/jp-pourtal.fr\/index.php\/portfolio-4\/lhomme-de-neandertal-de-la-chapelle-aux-saints-19\/?share=jetpack-whatsapp\" target=\"_blank\" title=\"Cliquez pour partager sur WhatsApp\"><span><\/span><span class=\"sharing-screen-reader-text\">Cliquez pour partager sur WhatsApp(ouvre dans une nouvelle fen\u00eatre)<\/span><\/a><\/li><li class=\"share-twitter\"><a rel=\"nofollow noopener noreferrer\" data-shared=\"sharing-twitter-904\" class=\"share-twitter sd-button share-icon no-text\" href=\"https:\/\/jp-pourtal.fr\/index.php\/portfolio-4\/lhomme-de-neandertal-de-la-chapelle-aux-saints-19\/?share=twitter\" target=\"_blank\" title=\"Cliquez pour partager sur Twitter\"><span><\/span><span class=\"sharing-screen-reader-text\">Cliquez pour partager sur Twitter(ouvre dans une nouvelle fen\u00eatre)<\/span><\/a><\/li><li class=\"share-end\"><\/li><\/ul><\/div><\/div><\/div>","protected":false},"author":1,"featured_media":0,"parent":706,"menu_order":0,"comment_status":"open","ping_status":"closed","template":"","meta":{"spay_email":""},"jetpack_sharing_enabled":true,"_links":{"self":[{"href":"https:\/\/jp-pourtal.fr\/index.php\/wp-json\/wp\/v2\/pages\/904"}],"collection":[{"href":"https:\/\/jp-pourtal.fr\/index.php\/wp-json\/wp\/v2\/pages"}],"about":[{"href":"https:\/\/jp-pourtal.fr\/index.php\/wp-json\/wp\/v2\/types\/page"}],"author":[{"embeddable":true,"href":"https:\/\/jp-pourtal.fr\/index.php\/wp-json\/wp\/v2\/users\/1"}],"replies":[{"embeddable":true,"href":"https:\/\/jp-pourtal.fr\/index.php\/wp-json\/wp\/v2\/comments?post=904"}],"version-history":[{"count":2,"href":"https:\/\/jp-pourtal.fr\/index.php\/wp-json\/wp\/v2\/pages\/904\/revisions"}],"predecessor-version":[{"id":906,"href":"https:\/\/jp-pourtal.fr\/index.php\/wp-json\/wp\/v2\/pages\/904\/revisions\/906"}],"up":[{"embeddable":true,"href":"https:\/\/jp-pourtal.fr\/index.php\/wp-json\/wp\/v2\/pages\/706"}],"wp:attachment":[{"href":"https:\/\/jp-pourtal.fr\/index.php\/wp-json\/wp\/v2\/media?parent=904"}],"curies":[{"name":"wp","href":"https:\/\/api.w.org\/{rel}","templated":true}]}}