{"id":893,"date":"2019-07-06T19:37:52","date_gmt":"2019-07-06T17:37:52","guid":{"rendered":"https:\/\/jp-pourtal.fr\/?page_id=893"},"modified":"2020-01-23T19:15:04","modified_gmt":"2020-01-23T18:15:04","slug":"oradour-sur-glane-juillet-2019","status":"publish","type":"page","link":"https:\/\/jp-pourtal.fr\/index.php\/les-portfolios\/portfolios\/oradour-sur-glane-juillet-2019\/","title":{"rendered":"Oradour-Sur-Glane &#8211; juillet 2019"},"content":{"rendered":"\n<p><a href=\"http:\/\/jp-pourtal.fr\/index.php\/portfolios\/\">Retour Lieux Mythiques<\/a><\/p>\n\n\n\n<p>Tout s\u2019est pass\u00e9 le 10 juin 1944 \u00e0 partir de 14h00 lorsque la 3<sup>\u00e8me<\/sup> compagnie du r\u00e9giment SS \u00ab&nbsp;Der F\u00fchrer&nbsp;\u00bb de la 2<sup>\u00e8me<\/sup> division Panzer \u00ab&nbsp;Das Reich&nbsp;\u00bb investit le village d\u2019Oradour-Sur-Glane. <\/p>\n\n\n\n<p>Missionn\u00e9e pour remonter sur le front de Normandie, il lui\nest demand\u00e9 de semer la terreur sur son passage afin que les populations\nlocales ne viennent plus en aide aux r\u00e9sistants r\u00e9partis sur le territoire\nfran\u00e7ais.<\/p>\n\n\n\n<p>Les soldats SS d\u00e9cim\u00e8rent la population du village en tuant femmes et enfants, hommes \u00e2g\u00e9s, adultes et adolescents. Ils regroup\u00e8rent dans l\u2019\u00e9glise du village plus de 500 personnes constitu\u00e9es essentiellement de femmes et d\u2019enfants allant du nourrisson au jeune \u00e9colier, puis ils leur tir\u00e8rent&nbsp; dessus \u00e0 la mitrailleuse lourde et finir leur sale travail en mettant le feu \u00e0 l\u2019\u00e9difice, br\u00fblant vifs les quelques rescap\u00e9s qu\u2019il y avait.<\/p>\n\n\n\n<p>Oradour-Sur-Glane est devenu le symbole des villages et des\npopulations martyrs Fran\u00e7ais, vous allez d\u00e9couvrir ce qui en reste apr\u00e8s le\npassage des troupes nazis le 10 juin 1944 \u2026<\/p>\n\n\n\n<p>Pour en savoir plus :  <a href=\"http:\/\/www.oradour.org\/\" target=\"_blank\" rel=\"noreferrer noopener\" aria-label=\" (s\u2019ouvre dans un nouvel onglet)\">http:\/\/www.oradour.org\/<\/a> <\/p>\n\n\n\n<div class=\"wp-block-ftg-gallery\"><!-- Final Tiles Grid Gallery for WordPress v3.5.6 free --><style>#ftg-3535 .tile .icon { color:#ffffff; }#ftg-3535 .ftg-items .loading-bar i { background:#666; }#ftg-3535 .ftg-items .loading-bar { background:#fff; }#ftg-3535 .tile .icon { font-size:12px; }#ftg-3535 .tile .icon { margin: -6px 0 0 -6px; }#ftg-3535 .tile .caption-block .text-wrapper span.text { font-size:12px; }#ftg-3535 .tile .caption-outside .text-wrapper span.text { font-size:12px; }#ftg-3535 .tile .caption-block .text-wrapper span.title { font-size:14px; }#ftg-3535 .tile .caption-outside .text-wrapper span.title { font-size:14px; }#ftg-3535 .tile { background-color: transparent; }#ftg-3535 .tile .caption-block .text-wrapper span.text { color: #ffffff; }#ftg-3535 .tile .caption-block .text-wrapper span.title { color: #ffffff; }#ftg-3535 .tile .caption-outside .text-wrapper span.text { color: #ffffff; }#ftg-3535 .tile .caption-outside .text-wrapper span.title { color: #ffffff; }#ftg-3535 .tile .ftg-social a { color: #ffffff; }#ftg-3535 .tile .caption-block { transition-duration:0.25s; }#ftg-3535 .tile .tile-inner:before { background-color: #000000; }#ftg-3535 .tile .tile-inner:before { background-color: rgba(0, 0, 0, 0.8); }#ftg-3535 .tile:hover img {-moz-transform: ;-webkit-transform: ;-o-transform: ;-ms-transform: ;transform: ;}<\/style><a name='35'><\/a><div class='final-tiles-gallery  ftg-hover-enabled caption-inside  caption-none caption-middle caption-center' id='ftg-3535' style='width:100%'><div class='ftg-items'><div class='loading-bar'><i><\/i><\/div><div  class='tile ftg-preload  '><a title=\"\" data-lightbox='ftg-3535' rel='ftg-3535'  class=' tile-inner  ftg-lightbox' href=\"https:\/\/i0.wp.com\/jp-pourtal.fr\/wp-content\/uploads\/2019\/07\/2019-07-Oradour04-1024x680.jpg?ssl=1\"  data-rel=\"lightbox-image-0\" data-rl_title=\"\" data-rl_caption=\"\"><img alt='Oradour Sur Glane - 10 juin 1944. Il est 14h00 lorsque les troupes de la division  &quot;Das Reich&quot; p\u00e9n\u00e8trent dans le village' class='item skip-lazy' data-class='item' data-ftg-source='https:\/\/i0.wp.com\/jp-pourtal.fr\/wp-content\/uploads\/2019\/07\/2019-07-Oradour04.jpg?resize=300%2C199&#038;ssl=1' src='https:\/\/i0.wp.com\/jp-pourtal.fr\/wp-content\/uploads\/2019\/07\/2019-07-Oradour04.jpg?resize=300%2C199&#038;ssl=1' width='300' height='199' data-recalc-dims=\"1\" \/><div class='caption-block'><div class='text-wrapper'><span class='title'>Oradour Sur Glane - 10 juin 1944. Il est 14h00 lorsque les troupes de la division  \"Das Reich\" p\u00e9n\u00e8trent dans le village<\/span><\/div><\/div><\/a><div class='ftg-social'><\/div><\/div><div  class='tile ftg-preload  '><a title=\"\" data-lightbox='ftg-3535' rel='ftg-3535'  class=' tile-inner  ftg-lightbox' href=\"https:\/\/i0.wp.com\/jp-pourtal.fr\/wp-content\/uploads\/2019\/07\/2019-07-Oradour07-1024x696.jpg?ssl=1\"  data-rel=\"lightbox-image-1\" data-rl_title=\"\" data-rl_caption=\"\"><img alt='Apr\u00e8s avoir massacr\u00e9 la population, les SS incendi\u00e8rent tout le village' class='item skip-lazy' data-class='item' data-ftg-source='https:\/\/i0.wp.com\/jp-pourtal.fr\/wp-content\/uploads\/2019\/07\/2019-07-Oradour07.jpg?resize=300%2C204&#038;ssl=1' src='https:\/\/i0.wp.com\/jp-pourtal.fr\/wp-content\/uploads\/2019\/07\/2019-07-Oradour07.jpg?resize=300%2C204&#038;ssl=1' width='300' height='204' data-recalc-dims=\"1\" \/><div class='caption-block'><div class='text-wrapper'><span class='title'>Apr\u00e8s avoir massacr\u00e9 la population, les SS incendi\u00e8rent tout le village<\/span><\/div><\/div><\/a><div class='ftg-social'><\/div><\/div><div  class='tile ftg-preload  '><a title=\"\" data-lightbox='ftg-3535' rel='ftg-3535'  class=' tile-inner  ftg-lightbox' href=\"https:\/\/i0.wp.com\/jp-pourtal.fr\/wp-content\/uploads\/2019\/07\/2019-07-Oradour08-1024x680.jpg?ssl=1\"  data-rel=\"lightbox-image-2\" data-rl_title=\"\" data-rl_caption=\"\"><img alt='Humains, animaux et m\u00eames les objets ne pass\u00e8rent pas au travers de l&#039;horreur.' class='item skip-lazy' data-class='item' data-ftg-source='https:\/\/i0.wp.com\/jp-pourtal.fr\/wp-content\/uploads\/2019\/07\/2019-07-Oradour08.jpg?resize=300%2C199&#038;ssl=1' src='https:\/\/i0.wp.com\/jp-pourtal.fr\/wp-content\/uploads\/2019\/07\/2019-07-Oradour08.jpg?resize=300%2C199&#038;ssl=1' width='300' height='199' data-recalc-dims=\"1\" \/><div class='caption-block'><div class='text-wrapper'><span class='title'>Humains, animaux et m\u00eames les objets ne pass\u00e8rent pas au travers de l'horreur.<\/span><\/div><\/div><\/a><div class='ftg-social'><\/div><\/div><div  class='tile ftg-preload  '><a title=\"\" data-lightbox='ftg-3535' rel='ftg-3535'  class=' tile-inner  ftg-lightbox' href=\"https:\/\/i0.wp.com\/jp-pourtal.fr\/wp-content\/uploads\/2019\/07\/2019-07-Oradour09-1024x883.jpg?ssl=1\"  data-rel=\"lightbox-image-3\" data-rl_title=\"\" data-rl_caption=\"\"><img alt='Carcasse d&#039;une voiture sur la champ de foire du village' class='item skip-lazy' data-class='item' data-ftg-source='https:\/\/i0.wp.com\/jp-pourtal.fr\/wp-content\/uploads\/2019\/07\/2019-07-Oradour09.jpg?resize=300%2C259&#038;ssl=1' src='https:\/\/i0.wp.com\/jp-pourtal.fr\/wp-content\/uploads\/2019\/07\/2019-07-Oradour09.jpg?resize=300%2C259&#038;ssl=1' width='300' height='259' data-recalc-dims=\"1\" \/><div class='caption-block'><div class='text-wrapper'><span class='title'>Carcasse d'une voiture sur la champ de foire du village<\/span><\/div><\/div><\/a><div class='ftg-social'><\/div><\/div><div  class='tile ftg-preload  '><a title=\"\" data-lightbox='ftg-3535' rel='ftg-3535'  class=' tile-inner  ftg-lightbox' href=\"https:\/\/i0.wp.com\/jp-pourtal.fr\/wp-content\/uploads\/2019\/07\/2019-07-Oradour10-946x1024.jpg?ssl=1\"  data-rel=\"lightbox-image-4\" data-rl_title=\"\" data-rl_caption=\"\"><img alt='Quelques heures encore avant le drame, cette pharmacie recevait les patients des m\u00e9decins alentours.' class='item skip-lazy' data-class='item' data-ftg-source='https:\/\/i0.wp.com\/jp-pourtal.fr\/wp-content\/uploads\/2019\/07\/2019-07-Oradour10.jpg?resize=277%2C300&#038;ssl=1' src='https:\/\/i0.wp.com\/jp-pourtal.fr\/wp-content\/uploads\/2019\/07\/2019-07-Oradour10.jpg?resize=277%2C300&#038;ssl=1' width='277' height='300' data-recalc-dims=\"1\" \/><div class='caption-block'><div class='text-wrapper'><span class='title'>Quelques heures encore avant le drame, cette pharmacie recevait les patients des m\u00e9decins alentours.<\/span><\/div><\/div><\/a><div class='ftg-social'><\/div><\/div><div  class='tile ftg-preload  '><a title=\"\" data-lightbox='ftg-3535' rel='ftg-3535'  class=' tile-inner  ftg-lightbox' href=\"https:\/\/i0.wp.com\/jp-pourtal.fr\/wp-content\/uploads\/2019\/07\/2019-07-Oradour13-1024x680.jpg?ssl=1\"  data-rel=\"lightbox-image-5\" data-rl_title=\"\" data-rl_caption=\"\"><img alt='L&#039;une des boucheries du village.' class='item skip-lazy' data-class='item' data-ftg-source='https:\/\/i0.wp.com\/jp-pourtal.fr\/wp-content\/uploads\/2019\/07\/2019-07-Oradour13.jpg?resize=300%2C199&#038;ssl=1' src='https:\/\/i0.wp.com\/jp-pourtal.fr\/wp-content\/uploads\/2019\/07\/2019-07-Oradour13.jpg?resize=300%2C199&#038;ssl=1' width='300' height='199' data-recalc-dims=\"1\" \/><div class='caption-block'><div class='text-wrapper'><span class='title'>L'une des boucheries du village.<\/span><\/div><\/div><\/a><div class='ftg-social'><\/div><\/div><div  class='tile ftg-preload  '><a title=\"\" data-lightbox='ftg-3535' rel='ftg-3535'  class=' tile-inner  ftg-lightbox' href=\"https:\/\/i0.wp.com\/jp-pourtal.fr\/wp-content\/uploads\/2019\/07\/2019-07-Oradour15-1024x999.jpg?ssl=1\"  data-rel=\"lightbox-image-6\" data-rl_title=\"\" data-rl_caption=\"\"><img alt='Une carcasse de voiture ravag\u00e9e par les flammes.' class='item skip-lazy' data-class='item' data-ftg-source='https:\/\/i0.wp.com\/jp-pourtal.fr\/wp-content\/uploads\/2019\/07\/2019-07-Oradour15.jpg?resize=300%2C293&#038;ssl=1' src='https:\/\/i0.wp.com\/jp-pourtal.fr\/wp-content\/uploads\/2019\/07\/2019-07-Oradour15.jpg?resize=300%2C293&#038;ssl=1' width='300' height='293' data-recalc-dims=\"1\" \/><div class='caption-block'><div class='text-wrapper'><span class='title'>Une carcasse de voiture ravag\u00e9e par les flammes.<\/span><\/div><\/div><\/a><div class='ftg-social'><\/div><\/div><div  class='tile ftg-preload  '><a title=\"\" data-lightbox='ftg-3535' rel='ftg-3535'  class=' tile-inner  ftg-lightbox' href=\"https:\/\/i0.wp.com\/jp-pourtal.fr\/wp-content\/uploads\/2019\/07\/2019-07-Oradour16-1024x680.jpg?ssl=1\"  data-rel=\"lightbox-image-7\" data-rl_title=\"\" data-rl_caption=\"\"><img alt='Symbole de vies trop t\u00f4t arr\u00eat\u00e9es. ' class='item skip-lazy' data-class='item' data-ftg-source='https:\/\/i0.wp.com\/jp-pourtal.fr\/wp-content\/uploads\/2019\/07\/2019-07-Oradour16.jpg?resize=300%2C199&#038;ssl=1' src='https:\/\/i0.wp.com\/jp-pourtal.fr\/wp-content\/uploads\/2019\/07\/2019-07-Oradour16.jpg?resize=300%2C199&#038;ssl=1' width='300' height='199' data-recalc-dims=\"1\" \/><div class='caption-block'><div class='text-wrapper'><span class='title'>Symbole de vies trop t\u00f4t arr\u00eat\u00e9es. <\/span><\/div><\/div><\/a><div class='ftg-social'><\/div><\/div><div  class='tile ftg-preload  '><a title=\"\" data-lightbox='ftg-3535' rel='ftg-3535'  class=' tile-inner  ftg-lightbox' href=\"https:\/\/i0.wp.com\/jp-pourtal.fr\/wp-content\/uploads\/2019\/07\/2019-07-Oradour17-1024x930.jpg?ssl=1\"  data-rel=\"lightbox-image-8\" data-rl_title=\"\" data-rl_caption=\"\"><img alt='' class='item skip-lazy' data-class='item' data-ftg-source='https:\/\/i0.wp.com\/jp-pourtal.fr\/wp-content\/uploads\/2019\/07\/2019-07-Oradour17.jpg?resize=300%2C273&#038;ssl=1' src='https:\/\/i0.wp.com\/jp-pourtal.fr\/wp-content\/uploads\/2019\/07\/2019-07-Oradour17.jpg?resize=300%2C273&#038;ssl=1' width='300' height='273' data-recalc-dims=\"1\" \/><\/a><div class='ftg-social'><\/div><\/div><div  class='tile ftg-preload  '><a title=\"\" data-lightbox='ftg-3535' rel='ftg-3535'  class=' tile-inner  ftg-lightbox' href=\"https:\/\/i0.wp.com\/jp-pourtal.fr\/wp-content\/uploads\/2019\/07\/2019-07-Oradour18-1024x680.jpg?ssl=1\"  data-rel=\"lightbox-image-9\" data-rl_title=\"\" data-rl_caption=\"\"><img alt='L&#039;\u00e9glise d&#039;Oradour-Sur-Glane dans laquelle plus de 500 personnes furent massacr\u00e9es puis br\u00fbl\u00e9es. ' class='item skip-lazy' data-class='item' data-ftg-source='https:\/\/i0.wp.com\/jp-pourtal.fr\/wp-content\/uploads\/2019\/07\/2019-07-Oradour18.jpg?resize=300%2C199&#038;ssl=1' src='https:\/\/i0.wp.com\/jp-pourtal.fr\/wp-content\/uploads\/2019\/07\/2019-07-Oradour18.jpg?resize=300%2C199&#038;ssl=1' width='300' height='199' data-recalc-dims=\"1\" \/><div class='caption-block'><div class='text-wrapper'><span class='title'>L'\u00e9glise d'Oradour-Sur-Glane dans laquelle plus de 500 personnes furent massacr\u00e9es puis br\u00fbl\u00e9es. <\/span><\/div><\/div><\/a><div class='ftg-social'><\/div><\/div><div  class='tile ftg-preload  '><a title=\"\" data-lightbox='ftg-3535' rel='ftg-3535'  class=' tile-inner  ftg-lightbox' href=\"https:\/\/i0.wp.com\/jp-pourtal.fr\/wp-content\/uploads\/2019\/07\/2019-07-Oradour19-1024x906.jpg?ssl=1\"  data-rel=\"lightbox-image-10\" data-rl_title=\"\" data-rl_caption=\"\"><img alt='Le feu dans l&#039;\u00e9glise fut si intense, que le bronze de la cloche fondit en atteignant sa temp\u00e9rature de fusion.' class='item skip-lazy' data-class='item' data-ftg-source='https:\/\/i0.wp.com\/jp-pourtal.fr\/wp-content\/uploads\/2019\/07\/2019-07-Oradour19.jpg?resize=300%2C265&#038;ssl=1' src='https:\/\/i0.wp.com\/jp-pourtal.fr\/wp-content\/uploads\/2019\/07\/2019-07-Oradour19.jpg?resize=300%2C265&#038;ssl=1' width='300' height='265' data-recalc-dims=\"1\" \/><div class='caption-block'><div class='text-wrapper'><span class='title'>Le feu dans l'\u00e9glise fut si intense, que le bronze de la cloche fondit en atteignant sa temp\u00e9rature de fusion.<\/span><\/div><\/div><\/a><div class='ftg-social'><\/div><\/div><div  class='tile ftg-preload  '><a title=\"\" data-lightbox='ftg-3535' rel='ftg-3535'  class=' tile-inner  ftg-lightbox' href=\"https:\/\/i0.wp.com\/jp-pourtal.fr\/wp-content\/uploads\/2019\/07\/2019-07-Oradour21-975x1024.jpg?ssl=1\"  data-rel=\"lightbox-image-11\" data-rl_title=\"\" data-rl_caption=\"\"><img alt='Le battant de la cloche enti\u00e8rement soud\u00e9 \u00e0 l&#039;ensemble du bronze fondu de la cloche.' class='item skip-lazy' data-class='item' data-ftg-source='https:\/\/i0.wp.com\/jp-pourtal.fr\/wp-content\/uploads\/2019\/07\/2019-07-Oradour21.jpg?resize=286%2C300&#038;ssl=1' src='https:\/\/i0.wp.com\/jp-pourtal.fr\/wp-content\/uploads\/2019\/07\/2019-07-Oradour21.jpg?resize=286%2C300&#038;ssl=1' width='286' height='300' data-recalc-dims=\"1\" \/><div class='caption-block'><div class='text-wrapper'><span class='title'>Le battant de la cloche enti\u00e8rement soud\u00e9 \u00e0 l'ensemble du bronze fondu de la cloche.<\/span><\/div><\/div><\/a><div class='ftg-social'><\/div><\/div><div  class='tile ftg-preload  '><a title=\"\" data-lightbox='ftg-3535' rel='ftg-3535'  class=' tile-inner  ftg-lightbox' href=\"https:\/\/i0.wp.com\/jp-pourtal.fr\/wp-content\/uploads\/2019\/07\/2019-07-Oradour22-1024x630.jpg?ssl=1\"  data-rel=\"lightbox-image-12\" data-rl_title=\"\" data-rl_caption=\"\"><img alt='Int\u00e9rieur de l&#039;\u00e9glise d&#039;Oradour-Sur-Glane o\u00f9 furent massacr\u00e9es puis br\u00fbl\u00e9es plus de 500 personnes.' class='item skip-lazy' data-class='item' data-ftg-source='https:\/\/i0.wp.com\/jp-pourtal.fr\/wp-content\/uploads\/2019\/07\/2019-07-Oradour22.jpg?resize=300%2C185&#038;ssl=1' src='https:\/\/i0.wp.com\/jp-pourtal.fr\/wp-content\/uploads\/2019\/07\/2019-07-Oradour22.jpg?resize=300%2C185&#038;ssl=1' width='300' height='185' data-recalc-dims=\"1\" \/><div class='caption-block'><div class='text-wrapper'><span class='title'>Int\u00e9rieur de l'\u00e9glise d'Oradour-Sur-Glane o\u00f9 furent massacr\u00e9es puis br\u00fbl\u00e9es plus de 500 personnes.<\/span><\/div><\/div><\/a><div class='ftg-social'><\/div><\/div><div  class='tile ftg-preload  '><a title=\"\" data-lightbox='ftg-3535' rel='ftg-3535'  class=' tile-inner  ftg-lightbox' href=\"https:\/\/i0.wp.com\/jp-pourtal.fr\/wp-content\/uploads\/2019\/07\/2019-07-Oradour25-1024x806.jpg?ssl=1\"  data-rel=\"lightbox-image-13\" data-rl_title=\"\" data-rl_caption=\"\"><img alt='L&#039;un des deux murs de photos des victimes du massacre d&#039;Oradour-Sur-Glane r\u00e9alis\u00e9 par le Centre de la M\u00e9moire du village.N&#039;oubliez jamais que cela a eu lieu en raison de la folie de certains hommes qui se croyaient d&#039;une race sup\u00e9rieure. Celui qui oublie est condamn\u00e9 \u00e0 revivre le pass\u00e9.' class='item skip-lazy' data-class='item' data-ftg-source='https:\/\/i0.wp.com\/jp-pourtal.fr\/wp-content\/uploads\/2019\/07\/2019-07-Oradour25.jpg?resize=300%2C236&#038;ssl=1' src='https:\/\/i0.wp.com\/jp-pourtal.fr\/wp-content\/uploads\/2019\/07\/2019-07-Oradour25.jpg?resize=300%2C236&#038;ssl=1' width='300' height='236' data-recalc-dims=\"1\" \/><div class='caption-block'><div class='text-wrapper'><span class='title'>L'un des deux murs de photos des victimes du massacre d'Oradour-Sur-Glane r\u00e9alis\u00e9 par le Centre de la M\u00e9moire du village.N'oubliez jamais que cela a eu lieu en raison de la folie de certains hommes qui se croyaient d'une race sup\u00e9rieure. Celui qui oublie est condamn\u00e9 \u00e0 revivre le pass\u00e9.<\/span><\/div><\/div><\/a><div class='ftg-social'><\/div><\/div><\/div><\/div><script type='text\/javascript'>jQuery('#ftg-3535 img.item').removeAttr('src');jQuery(document).ready(function () {setTimeout(function () {jQuery('#ftg-3535').finalTilesGallery({minTileWidth: 250,margin: 10,loadMethod: 'sequential',nonce: 'c74a8bc19d',galleryId: '35',setupFilters: true,layout: 'columns',debug: false,gridSize: 25,disableGridSizeBelow:800,allowEnlargement: true,columns: [[4000, 4],[1024, 4],[800, 3],[480, 3],[320, 2]],selectedFilter: 'n-a'});jQuery(function () {(function () {var rel = '';jQuery('#ftg-3535 .ftg-lightbox').click(function (e) {rel = jQuery(this).attr('rel');jQuery('#ftg-3535 .ftg-current').removeClass('ftg-current');jQuery('#ftg-3535 [rel=\"'+rel+'\"]').addClass('ftg-current');});})();});}, 0);});<\/script><\/div>\n<div class=\"sharedaddy sd-sharing-enabled\"><div class=\"robots-nocontent sd-block sd-social sd-social-icon sd-sharing\"><h3 class=\"sd-title\">Share this:<\/h3><div class=\"sd-content\"><ul><li class=\"share-facebook\"><a rel=\"nofollow noopener noreferrer\" data-shared=\"sharing-facebook-893\" class=\"share-facebook sd-button share-icon no-text\" href=\"https:\/\/jp-pourtal.fr\/index.php\/les-portfolios\/portfolios\/oradour-sur-glane-juillet-2019\/?share=facebook\" target=\"_blank\" title=\"Cliquez pour partager sur Facebook\"><span><\/span><span class=\"sharing-screen-reader-text\">Cliquez pour partager sur Facebook(ouvre dans une nouvelle fen\u00eatre)<\/span><\/a><\/li><li class=\"share-linkedin\"><a rel=\"nofollow noopener noreferrer\" data-shared=\"sharing-linkedin-893\" class=\"share-linkedin sd-button share-icon no-text\" href=\"https:\/\/jp-pourtal.fr\/index.php\/les-portfolios\/portfolios\/oradour-sur-glane-juillet-2019\/?share=linkedin\" target=\"_blank\" title=\"Cliquez pour partager sur LinkedIn\"><span><\/span><span class=\"sharing-screen-reader-text\">Cliquez pour partager sur LinkedIn(ouvre dans une nouvelle fen\u00eatre)<\/span><\/a><\/li><li class=\"share-jetpack-whatsapp\"><a rel=\"nofollow noopener noreferrer\" data-shared=\"\" class=\"share-jetpack-whatsapp sd-button share-icon no-text\" href=\"https:\/\/jp-pourtal.fr\/index.php\/les-portfolios\/portfolios\/oradour-sur-glane-juillet-2019\/?share=jetpack-whatsapp\" target=\"_blank\" title=\"Cliquez pour partager sur WhatsApp\"><span><\/span><span class=\"sharing-screen-reader-text\">Cliquez pour partager sur WhatsApp(ouvre dans une nouvelle fen\u00eatre)<\/span><\/a><\/li><li class=\"share-twitter\"><a rel=\"nofollow noopener noreferrer\" data-shared=\"sharing-twitter-893\" class=\"share-twitter sd-button share-icon no-text\" href=\"https:\/\/jp-pourtal.fr\/index.php\/les-portfolios\/portfolios\/oradour-sur-glane-juillet-2019\/?share=twitter\" target=\"_blank\" title=\"Cliquez pour partager sur Twitter\"><span><\/span><span class=\"sharing-screen-reader-text\">Cliquez pour partager sur Twitter(ouvre dans une nouvelle fen\u00eatre)<\/span><\/a><\/li><li class=\"share-end\"><\/li><\/ul><\/div><\/div><\/div>","protected":false},"excerpt":{"rendered":"<p>Retour Lieux Mythiques Tout s\u2019est pass\u00e9 le 10 juin 1944 \u00e0 partir de 14h00 lorsque la 3\u00e8me compagnie du r\u00e9giment SS \u00ab&nbsp;Der F\u00fchrer&nbsp;\u00bb de la 2\u00e8me division Panzer \u00ab&nbsp;Das Reich&nbsp;\u00bb investit le village d\u2019Oradour-Sur-Glane. Missionn\u00e9e pour remonter sur le front de Normandie, il lui est demand\u00e9 de semer la terreur sur son passage afin que &hellip; <a href=\"https:\/\/jp-pourtal.fr\/index.php\/les-portfolios\/portfolios\/oradour-sur-glane-juillet-2019\/\" class=\"more-link\">Continuer la lecture<span class=\"screen-reader-text\"> de &laquo;&nbsp;Oradour-Sur-Glane &#8211; juillet 2019&nbsp;&raquo;<\/span><\/a><\/p>\n<div class=\"sharedaddy sd-sharing-enabled\"><div class=\"robots-nocontent sd-block sd-social sd-social-icon sd-sharing\"><h3 class=\"sd-title\">Share this:<\/h3><div class=\"sd-content\"><ul><li class=\"share-facebook\"><a rel=\"nofollow noopener noreferrer\" data-shared=\"sharing-facebook-893\" class=\"share-facebook sd-button share-icon no-text\" href=\"https:\/\/jp-pourtal.fr\/index.php\/les-portfolios\/portfolios\/oradour-sur-glane-juillet-2019\/?share=facebook\" target=\"_blank\" title=\"Cliquez pour partager sur Facebook\"><span><\/span><span class=\"sharing-screen-reader-text\">Cliquez pour partager sur Facebook(ouvre dans une nouvelle fen\u00eatre)<\/span><\/a><\/li><li class=\"share-linkedin\"><a rel=\"nofollow noopener noreferrer\" data-shared=\"sharing-linkedin-893\" class=\"share-linkedin sd-button share-icon no-text\" href=\"https:\/\/jp-pourtal.fr\/index.php\/les-portfolios\/portfolios\/oradour-sur-glane-juillet-2019\/?share=linkedin\" target=\"_blank\" title=\"Cliquez pour partager sur LinkedIn\"><span><\/span><span class=\"sharing-screen-reader-text\">Cliquez pour partager sur LinkedIn(ouvre dans une nouvelle fen\u00eatre)<\/span><\/a><\/li><li class=\"share-jetpack-whatsapp\"><a rel=\"nofollow noopener noreferrer\" data-shared=\"\" class=\"share-jetpack-whatsapp sd-button share-icon no-text\" href=\"https:\/\/jp-pourtal.fr\/index.php\/les-portfolios\/portfolios\/oradour-sur-glane-juillet-2019\/?share=jetpack-whatsapp\" target=\"_blank\" title=\"Cliquez pour partager sur WhatsApp\"><span><\/span><span class=\"sharing-screen-reader-text\">Cliquez pour partager sur WhatsApp(ouvre dans une nouvelle fen\u00eatre)<\/span><\/a><\/li><li class=\"share-twitter\"><a rel=\"nofollow noopener noreferrer\" data-shared=\"sharing-twitter-893\" class=\"share-twitter sd-button share-icon no-text\" href=\"https:\/\/jp-pourtal.fr\/index.php\/les-portfolios\/portfolios\/oradour-sur-glane-juillet-2019\/?share=twitter\" target=\"_blank\" title=\"Cliquez pour partager sur Twitter\"><span><\/span><span class=\"sharing-screen-reader-text\">Cliquez pour partager sur Twitter(ouvre dans une nouvelle fen\u00eatre)<\/span><\/a><\/li><li class=\"share-end\"><\/li><\/ul><\/div><\/div><\/div>","protected":false},"author":1,"featured_media":0,"parent":61,"menu_order":0,"comment_status":"open","ping_status":"closed","template":"","meta":{"spay_email":""},"jetpack_sharing_enabled":true,"_links":{"self":[{"href":"https:\/\/jp-pourtal.fr\/index.php\/wp-json\/wp\/v2\/pages\/893"}],"collection":[{"href":"https:\/\/jp-pourtal.fr\/index.php\/wp-json\/wp\/v2\/pages"}],"about":[{"href":"https:\/\/jp-pourtal.fr\/index.php\/wp-json\/wp\/v2\/types\/page"}],"author":[{"embeddable":true,"href":"https:\/\/jp-pourtal.fr\/index.php\/wp-json\/wp\/v2\/users\/1"}],"replies":[{"embeddable":true,"href":"https:\/\/jp-pourtal.fr\/index.php\/wp-json\/wp\/v2\/comments?post=893"}],"version-history":[{"count":4,"href":"https:\/\/jp-pourtal.fr\/index.php\/wp-json\/wp\/v2\/pages\/893\/revisions"}],"predecessor-version":[{"id":996,"href":"https:\/\/jp-pourtal.fr\/index.php\/wp-json\/wp\/v2\/pages\/893\/revisions\/996"}],"up":[{"embeddable":true,"href":"https:\/\/jp-pourtal.fr\/index.php\/wp-json\/wp\/v2\/pages\/61"}],"wp:attachment":[{"href":"https:\/\/jp-pourtal.fr\/index.php\/wp-json\/wp\/v2\/media?parent=893"}],"curies":[{"name":"wp","href":"https:\/\/api.w.org\/{rel}","templated":true}]}}